{"id":18,"date":"2017-11-07T11:52:06","date_gmt":"2017-11-07T11:52:06","guid":{"rendered":"http:\/\/no-name-a-capella.xyz\/?page_id=18"},"modified":"2026-03-27T14:43:45","modified_gmt":"2026-03-27T13:43:45","slug":"impressum","status":"publish","type":"page","link":"https:\/\/kiebitzmarkt-bergen.de\/home\/kontakt\/impressum\/","title":{"rendered":"Impressum"},"content":{"rendered":"<p><img decoding=\"async\" class=\"alignnone wp-image-808 size-full\" src=\"\/home\/wp-content\/themes\/kiebitzmarkt-style\/assets\/images\/kiebitzmarkt_bergen_logo.gif\" alt=\"Kiebitzmarkt Bergen Logo\" width=\"400\" height=\"71\" \/><\/p>\n<p><b>OTTE GmbH<\/b><\/p>\n<p>Eddesser Landstr. 4<br \/>\n31311 Uetze-Dollbergen<\/p>\n<p>Tel : 05177\/9862-001<br \/>\nE-Mail: <span id=\"cloak94207\"><a href=\"mailto:&#104;al&#108;o&#64;ot&#116;e.g&#109;&#98;h\">&#104;&#97;l&#108;o&#64;&#111;&#116;t&#101;&#46;g&#109;b&#104;<\/a><\/span><\/p>\n<p><b>Standort: Kiebitzmarkt Bergen<\/b><\/p>\n<p>Deichend 25<br \/>\n29303 Bergen<\/p>\n<p>Tel : 05051 &#8211; 912570<br \/>\nFax: 05051 &#8211; 5144<br \/>\nE-Mail: <span id=\"cloak94207\"><a href=\"mailto:inf&#111;&#64;&#107;&#105;eb&#105;t&#122;mar&#107;t-b&#101;&#114;&#103;en.de\">&#105;n&#102;o&#64;&#107;&#105;e&#98;&#105;tz&#109;ar&#107;t-b&#101;rgen.&#100;e<\/a><\/span><\/p>\n<p>Diese E-Mail-Adresse ist gegen Spambots gesch\u00fctzt! Sie m\u00fcssen JavaScript aktivieren, damit Sie sie sehen k\u00f6nnen.<\/p>\n<p>Verantwortlich f\u00fcr den Inhalt dieser Seiten:<br \/>\nOTTE GmbH<\/p>\n<p>Vertretungsberechtigter Gesch\u00e4ftsf\u00fchrer:<br \/>\nJosephine Otte-Hartlaub<br \/>\nLennard Otte<br \/>\nLudger Otte<\/p>\n<p>Umsatzsteuer-Identifikationsnummer gem\u00e4\u00df \u00a7 27 a Umsatzsteuergesetz:<br \/>\nUSt-Id. Nr.: DE 116 295 288<br \/>\nSteuernummer: St.-Nr 16 205 30322<br \/>\nHandelsregister Amtsgericht Hildesheim HRB 22296<\/p>\n<h2>Programmierung &amp; Administration<\/h2>\n<p><a href=\"https:\/\/bmcessen.de\/webdesign\/webdesign-referenzen\/\" target=\"_blank\" rel=\"noopener\"><img decoding=\"async\" class=\"alignnone size-full wp-image-6\" src=\"\/home\/wp-content\/uploads\/2026\/03\/Webdesign-BMC-300x87.png\" alt=\"BMC Essen Logo\" width=\"300\" height=\"87\" \/><\/a><\/p>\n<p><strong>BMC Essen GmbH<\/strong><\/p>\n<p><a href=\"https:\/\/maps.app.goo.gl\/K127qv4VNkA1tneJ9\" target=\"_blank\" rel=\"noopener\">Dreiringstr. 11<br \/>\n45276 Essen<\/a><br \/>\n<a href=\"http:\/\/bmcessen.de\/\" target=\"_blank\" rel=\"noopener\">www.bmcessen.de <\/a><\/p>\n<h2>Haftung f\u00fcr Inhalte<\/h2>\n<p>Als Diensteanbieter sind wir f\u00fcr eigene Inhalte auf diesen Seiten nach den allgemeinen Gesetzen verantwortlich.<br \/>\nAls Diensteanbieter sind wir jedoch nicht verpflichtet, \u00fcbermittelte oder gespeicherte fremde Informationen zu \u00fcberwachen oder nach Umst\u00e4nden zu forschen, die auf eine rechtswidrige T\u00e4tigkeit hinweisen.<\/p>\n<p>Verpflichtungen zur Entfernung oder Sperrung der Nutzung von Informationen nach den allgemeinen Gesetzen bleiben hiervon unber\u00fchrt.<br \/>\nEine Haftung ist jedoch erst ab dem Zeitpunkt der Kenntnis einer konkreten Rechtsverletzung m\u00f6glich. Bei Bekanntwerden von entsprechenden Rechtsverletzungen werden wir diese Inhalte umgehend entfernen.<\/p>\n<h2>Haftung f\u00fcr Links<\/h2>\n<p>Unser Angebot enth\u00e4lt Links zu externen Webseiten Dritter, auf deren Inhalte wir keinen Einfluss haben. Deshalb k\u00f6nnen wir f\u00fcr diese fremden Inhalte auch keine Gew\u00e4hr \u00fcbernehmen. F\u00fcr die Inhalte der verlinkten Seiten ist stets der jeweilige Anbieter oder Betreiber der Seiten verantwortlich. Die verlinkten Seiten wurden zum Zeitpunkt der Verlinkung auf m\u00f6gliche Rechtsverst\u00f6\u00dfe \u00fcberpr\u00fcft. Rechtswidrige Inhalte waren zum Zeitpunkt der Verlinkung nicht erkennbar.<\/p>\n<p>Eine permanente inhaltliche Kontrolle der verlinkten Seiten ist jedoch ohne konkrete Anhaltspunkte einer Rechtsverletzung nicht zumutbar. Bei Bekanntwerden von Rechtsverletzungen werden wir derartige Links umgehend entfernen.<\/p>\n<h2>Urheberrecht<\/h2>\n<p>Die durch die Seitenbetreiber erstellten Inhalte und Werke auf diesen Seiten unterliegen dem deutschen Urheberrecht. Die Vervielf\u00e4ltigung, Bearbeitung, Verbreitung und jede Art der Verwertung au\u00dferhalb der Grenzen des Urheberrechtes bed\u00fcrfen der schriftlichen Zustimmung des jeweiligen Autors bzw. Erstellers. Downloads und Kopien dieser Seite sind nur f\u00fcr den privaten, nicht kommerziellen Gebrauch gestattet.<\/p>\n<p>Soweit die Inhalte auf dieser Seite nicht vom Betreiber erstellt wurden, werden die Urheberrechte Dritter beachtet. Insbesondere werden Inhalte Dritter als solche gekennzeichnet. Sollten Sie trotzdem auf eine Urheberrechtsverletzung aufmerksam werden, bitten wir um einen entsprechenden Hinweis. Bei Bekanntwerden von Rechtsverletzungen werden wir derartige Inhalte umgehend entfernen.<\/p>\n<p><i>Quellenangabe: <a href=\"https:\/\/www.e-recht24.de\">e-recht24.de<\/a><\/i><\/p>\n","protected":false},"excerpt":{"rendered":"<p>OTTE GmbH Eddesser Landstr. 4 31311 Uetze-Dollbergen Tel : 05177\/9862-001 E-Mail: Standort: Kiebitzmarkt Bergen Deichend 25 29303 Bergen Tel : 05051 &#8211; 912570 Fax: 05051 &#8211; 5144 E-Mail: Diese E-Mail-Adresse ist gegen Spambots gesch\u00fctzt! Sie m\u00fcssen JavaScript aktivieren, damit Sie sie sehen k\u00f6nnen. Verantwortlich f\u00fcr den Inhalt dieser Seiten: OTTE GmbH Vertretungsberechtigter Gesch\u00e4ftsf\u00fchrer: Josephine Otte-Hartlaub &hellip; <\/p>\n<p class=\"link-more\"><a href=\"https:\/\/kiebitzmarkt-bergen.de\/home\/kontakt\/impressum\/\" class=\"more-link\">Continue reading<span class=\"screen-reader-text\"> &#8222;Impressum&#8220;<\/span><\/a><\/p>\n","protected":false},"author":1,"featured_media":0,"parent":11,"menu_order":0,"comment_status":"closed","ping_status":"closed","template":"","meta":{"_acf_changed":false,"footnotes":""},"class_list":["post-18","page","type-page","status-publish","hentry"],"acf":[],"yoast_head":"<!-- This site is optimized with the Yoast SEO plugin v27.3 - https:\/\/yoast.com\/product\/yoast-seo-wordpress\/ -->\n<title>Impressum - Kiebitzmarkt-Bergen<\/title>\n<meta name=\"robots\" content=\"index, follow, max-snippet:-1, max-image-preview:large, max-video-preview:-1\" \/>\n<link rel=\"canonical\" href=\"https:\/\/kiebitzmarkt-bergen.de\/home\/kontakt\/impressum\/\" \/>\n<meta property=\"og:locale\" content=\"de_DE\" \/>\n<meta property=\"og:type\" content=\"article\" \/>\n<meta property=\"og:title\" content=\"Impressum - Kiebitzmarkt-Bergen\" \/>\n<meta property=\"og:description\" content=\"OTTE GmbH Eddesser Landstr. 4 31311 Uetze-Dollbergen Tel : 05177\/9862-001 E-Mail: Standort: Kiebitzmarkt Bergen Deichend 25 29303 Bergen Tel : 05051 &#8211; 912570 Fax: 05051 &#8211; 5144 E-Mail: Diese E-Mail-Adresse ist gegen Spambots gesch\u00fctzt! Sie m\u00fcssen JavaScript aktivieren, damit Sie sie sehen k\u00f6nnen. Verantwortlich f\u00fcr den Inhalt dieser Seiten: OTTE GmbH Vertretungsberechtigter Gesch\u00e4ftsf\u00fchrer: Josephine Otte-Hartlaub &hellip; Continue reading &quot;Impressum&quot;\" \/>\n<meta property=\"og:url\" content=\"https:\/\/kiebitzmarkt-bergen.de\/home\/kontakt\/impressum\/\" \/>\n<meta property=\"og:site_name\" content=\"Kiebitzmarkt-Bergen\" \/>\n<meta property=\"article:publisher\" content=\"https:\/\/www.facebook.com\/kiebitzmarkt.bergen\" \/>\n<meta property=\"article:modified_time\" content=\"2026-03-27T13:43:45+00:00\" \/>\n<meta name=\"twitter:card\" content=\"summary_large_image\" \/>\n<meta name=\"twitter:label1\" content=\"Gesch\u00e4tzte Lesezeit\" \/>\n\t<meta name=\"twitter:data1\" content=\"3\u00a0Minuten\" \/>\n<script type=\"application\/ld+json\" class=\"yoast-schema-graph\">{\"@context\":\"https:\\\/\\\/schema.org\",\"@graph\":[{\"@type\":\"WebPage\",\"@id\":\"https:\\\/\\\/kiebitzmarkt-bergen.de\\\/home\\\/kontakt\\\/impressum\\\/\",\"url\":\"https:\\\/\\\/kiebitzmarkt-bergen.de\\\/home\\\/kontakt\\\/impressum\\\/\",\"name\":\"Impressum - Kiebitzmarkt-Bergen\",\"isPartOf\":{\"@id\":\"https:\\\/\\\/kiebitzmarkt-bergen.de\\\/home\\\/#website\"},\"datePublished\":\"2017-11-07T11:52:06+00:00\",\"dateModified\":\"2026-03-27T13:43:45+00:00\",\"breadcrumb\":{\"@id\":\"https:\\\/\\\/kiebitzmarkt-bergen.de\\\/home\\\/kontakt\\\/impressum\\\/#breadcrumb\"},\"inLanguage\":\"de\",\"potentialAction\":[{\"@type\":\"ReadAction\",\"target\":[\"https:\\\/\\\/kiebitzmarkt-bergen.de\\\/home\\\/kontakt\\\/impressum\\\/\"]}]},{\"@type\":\"BreadcrumbList\",\"@id\":\"https:\\\/\\\/kiebitzmarkt-bergen.de\\\/home\\\/kontakt\\\/impressum\\\/#breadcrumb\",\"itemListElement\":[{\"@type\":\"ListItem\",\"position\":1,\"name\":\"Startseite\",\"item\":\"https:\\\/\\\/kiebitzmarkt-bergen.de\\\/home\\\/\"},{\"@type\":\"ListItem\",\"position\":2,\"name\":\"Kontakt\",\"item\":\"https:\\\/\\\/kiebitzmarkt-bergen.de\\\/home\\\/kontakt\\\/\"},{\"@type\":\"ListItem\",\"position\":3,\"name\":\"Impressum\"}]},{\"@type\":\"WebSite\",\"@id\":\"https:\\\/\\\/kiebitzmarkt-bergen.de\\\/home\\\/#website\",\"url\":\"https:\\\/\\\/kiebitzmarkt-bergen.de\\\/home\\\/\",\"name\":\"Kiebitzmarkt-Bergen\",\"description\":\"Der Fachmarkt f\u00fcr Haus, Tier und Garten\",\"publisher\":{\"@id\":\"https:\\\/\\\/kiebitzmarkt-bergen.de\\\/home\\\/#organization\"},\"potentialAction\":[{\"@type\":\"SearchAction\",\"target\":{\"@type\":\"EntryPoint\",\"urlTemplate\":\"https:\\\/\\\/kiebitzmarkt-bergen.de\\\/home\\\/?s={search_term_string}\"},\"query-input\":{\"@type\":\"PropertyValueSpecification\",\"valueRequired\":true,\"valueName\":\"search_term_string\"}}],\"inLanguage\":\"de\"},{\"@type\":\"Organization\",\"@id\":\"https:\\\/\\\/kiebitzmarkt-bergen.de\\\/home\\\/#organization\",\"name\":\"Kiebitzmarkt Bergen\",\"url\":\"https:\\\/\\\/kiebitzmarkt-bergen.de\\\/home\\\/\",\"logo\":{\"@type\":\"ImageObject\",\"inLanguage\":\"de\",\"@id\":\"https:\\\/\\\/kiebitzmarkt-bergen.de\\\/home\\\/#\\\/schema\\\/logo\\\/image\\\/\",\"url\":\"https:\\\/\\\/kiebitzmarkt-bergen.de\\\/home\\\/wp-content\\\/uploads\\\/2017\\\/11\\\/kiebitzmarkt_bergen_logo2.gif\",\"contentUrl\":\"https:\\\/\\\/kiebitzmarkt-bergen.de\\\/home\\\/wp-content\\\/uploads\\\/2017\\\/11\\\/kiebitzmarkt_bergen_logo2.gif\",\"width\":400,\"height\":71,\"caption\":\"Kiebitzmarkt Bergen\"},\"image\":{\"@id\":\"https:\\\/\\\/kiebitzmarkt-bergen.de\\\/home\\\/#\\\/schema\\\/logo\\\/image\\\/\"},\"sameAs\":[\"https:\\\/\\\/www.facebook.com\\\/kiebitzmarkt.bergen\"]}]}<\/script>\n<!-- \/ Yoast SEO plugin. -->","yoast_head_json":{"title":"Impressum - Kiebitzmarkt-Bergen","robots":{"index":"index","follow":"follow","max-snippet":"max-snippet:-1","max-image-preview":"max-image-preview:large","max-video-preview":"max-video-preview:-1"},"canonical":"https:\/\/kiebitzmarkt-bergen.de\/home\/kontakt\/impressum\/","og_locale":"de_DE","og_type":"article","og_title":"Impressum - Kiebitzmarkt-Bergen","og_description":"OTTE GmbH Eddesser Landstr. 4 31311 Uetze-Dollbergen Tel : 05177\/9862-001 E-Mail: Standort: Kiebitzmarkt Bergen Deichend 25 29303 Bergen Tel : 05051 &#8211; 912570 Fax: 05051 &#8211; 5144 E-Mail: Diese E-Mail-Adresse ist gegen Spambots gesch\u00fctzt! Sie m\u00fcssen JavaScript aktivieren, damit Sie sie sehen k\u00f6nnen. Verantwortlich f\u00fcr den Inhalt dieser Seiten: OTTE GmbH Vertretungsberechtigter Gesch\u00e4ftsf\u00fchrer: Josephine Otte-Hartlaub &hellip; Continue reading \"Impressum\"","og_url":"https:\/\/kiebitzmarkt-bergen.de\/home\/kontakt\/impressum\/","og_site_name":"Kiebitzmarkt-Bergen","article_publisher":"https:\/\/www.facebook.com\/kiebitzmarkt.bergen","article_modified_time":"2026-03-27T13:43:45+00:00","twitter_card":"summary_large_image","twitter_misc":{"Gesch\u00e4tzte Lesezeit":"3\u00a0Minuten"},"schema":{"@context":"https:\/\/schema.org","@graph":[{"@type":"WebPage","@id":"https:\/\/kiebitzmarkt-bergen.de\/home\/kontakt\/impressum\/","url":"https:\/\/kiebitzmarkt-bergen.de\/home\/kontakt\/impressum\/","name":"Impressum - Kiebitzmarkt-Bergen","isPartOf":{"@id":"https:\/\/kiebitzmarkt-bergen.de\/home\/#website"},"datePublished":"2017-11-07T11:52:06+00:00","dateModified":"2026-03-27T13:43:45+00:00","breadcrumb":{"@id":"https:\/\/kiebitzmarkt-bergen.de\/home\/kontakt\/impressum\/#breadcrumb"},"inLanguage":"de","potentialAction":[{"@type":"ReadAction","target":["https:\/\/kiebitzmarkt-bergen.de\/home\/kontakt\/impressum\/"]}]},{"@type":"BreadcrumbList","@id":"https:\/\/kiebitzmarkt-bergen.de\/home\/kontakt\/impressum\/#breadcrumb","itemListElement":[{"@type":"ListItem","position":1,"name":"Startseite","item":"https:\/\/kiebitzmarkt-bergen.de\/home\/"},{"@type":"ListItem","position":2,"name":"Kontakt","item":"https:\/\/kiebitzmarkt-bergen.de\/home\/kontakt\/"},{"@type":"ListItem","position":3,"name":"Impressum"}]},{"@type":"WebSite","@id":"https:\/\/kiebitzmarkt-bergen.de\/home\/#website","url":"https:\/\/kiebitzmarkt-bergen.de\/home\/","name":"Kiebitzmarkt-Bergen","description":"Der Fachmarkt f\u00fcr Haus, Tier und Garten","publisher":{"@id":"https:\/\/kiebitzmarkt-bergen.de\/home\/#organization"},"potentialAction":[{"@type":"SearchAction","target":{"@type":"EntryPoint","urlTemplate":"https:\/\/kiebitzmarkt-bergen.de\/home\/?s={search_term_string}"},"query-input":{"@type":"PropertyValueSpecification","valueRequired":true,"valueName":"search_term_string"}}],"inLanguage":"de"},{"@type":"Organization","@id":"https:\/\/kiebitzmarkt-bergen.de\/home\/#organization","name":"Kiebitzmarkt Bergen","url":"https:\/\/kiebitzmarkt-bergen.de\/home\/","logo":{"@type":"ImageObject","inLanguage":"de","@id":"https:\/\/kiebitzmarkt-bergen.de\/home\/#\/schema\/logo\/image\/","url":"https:\/\/kiebitzmarkt-bergen.de\/home\/wp-content\/uploads\/2017\/11\/kiebitzmarkt_bergen_logo2.gif","contentUrl":"https:\/\/kiebitzmarkt-bergen.de\/home\/wp-content\/uploads\/2017\/11\/kiebitzmarkt_bergen_logo2.gif","width":400,"height":71,"caption":"Kiebitzmarkt Bergen"},"image":{"@id":"https:\/\/kiebitzmarkt-bergen.de\/home\/#\/schema\/logo\/image\/"},"sameAs":["https:\/\/www.facebook.com\/kiebitzmarkt.bergen"]}]}},"_links":{"self":[{"href":"https:\/\/kiebitzmarkt-bergen.de\/home\/wp-json\/wp\/v2\/pages\/18","targetHints":{"allow":["GET"]}}],"collection":[{"href":"https:\/\/kiebitzmarkt-bergen.de\/home\/wp-json\/wp\/v2\/pages"}],"about":[{"href":"https:\/\/kiebitzmarkt-bergen.de\/home\/wp-json\/wp\/v2\/types\/page"}],"author":[{"embeddable":true,"href":"https:\/\/kiebitzmarkt-bergen.de\/home\/wp-json\/wp\/v2\/users\/1"}],"replies":[{"embeddable":true,"href":"https:\/\/kiebitzmarkt-bergen.de\/home\/wp-json\/wp\/v2\/comments?post=18"}],"version-history":[{"count":14,"href":"https:\/\/kiebitzmarkt-bergen.de\/home\/wp-json\/wp\/v2\/pages\/18\/revisions"}],"predecessor-version":[{"id":3053,"href":"https:\/\/kiebitzmarkt-bergen.de\/home\/wp-json\/wp\/v2\/pages\/18\/revisions\/3053"}],"up":[{"embeddable":true,"href":"https:\/\/kiebitzmarkt-bergen.de\/home\/wp-json\/wp\/v2\/pages\/11"}],"wp:attachment":[{"href":"https:\/\/kiebitzmarkt-bergen.de\/home\/wp-json\/wp\/v2\/media?parent=18"}],"curies":[{"name":"wp","href":"https:\/\/api.w.org\/{rel}","templated":true}]}}